{"id":1757,"date":"2018-11-27T09:26:56","date_gmt":"2018-11-27T08:26:56","guid":{"rendered":"http:\/\/wordpress.p488960.webspaceconfig.de\/?page_id=1757"},"modified":"2026-08-31T10:06:07","modified_gmt":"2026-08-31T08:06:07","slug":"architektur","status":"publish","type":"page","link":"https:\/\/alpenrose-ramsau.at\/de\/architektur\/","title":{"rendered":"Architektur"},"content":{"rendered":"<section class=\"l-section wpb_row height_large color_alternate with_img\"><div class=\"l-section-img\" role=\"img\" aria-label=\"Modernes Design im Treppenhaus\" data-img-width=\"1000\" data-img-height=\"749\" style=\"background-image: url(https:\/\/alpenrose-ramsau.at\/wp-content\/uploads\/2018\/12\/Architektur_2.jpg);\"><\/div><div class=\"l-section-overlay\" style=\"background:rgba(0,0,0,0.10)\"><\/div><div class=\"l-section-h i-cf\"><div class=\"g-cols vc_row via_grid cols_1 laptops-cols_inherit tablets-cols_inherit mobiles-cols_1 valign_top type_default stacking_default\"><div class=\"wpb_column vc_column_container\"><div class=\"vc_column-inner\"><div class=\"w-separator size_large\"><\/div><div class=\"wpb_text_column\"><div class=\"wpb_wrapper\"><h1 style=\"text-align: center; text-shadow: 2px 2px 4px rgba(0,0,0,0.75);\">\u00d6kologisch gebaut mit Stil<\/h1>\n<\/div><\/div><\/div><\/div><\/div><\/div><\/section><section class=\"l-section wpb_row height_medium\" id=\"rett\"><div class=\"l-section-h i-cf\"><div class=\"g-cols vc_row via_grid cols_1 laptops-cols_inherit tablets-cols_inherit mobiles-cols_1 valign_top type_default stacking_default\"><div class=\"wpb_column vc_column_container\"><div class=\"vc_column-inner\"><div class=\"wpb_text_column\"><div class=\"wpb_wrapper\"><p style=\"text-align: center;\">Das historische Chalet Alpenrose wurde im Jahr 2013 umfassend renoviert \u2013 mit einem klaren Fokus auf Nachhaltigkeit und modernem alpinen Design. Dabei kamen ausschlie\u00dflich hochwertige, regionale Materialien zum Einsatz, die sowohl \u00f6kologisch als auch \u00e4sthetisch \u00fcberzeugen. Ein zentrales Element der Renovierung war der Einsatz von <strong>fibreC Glasfaserbeton von Rieder<\/strong>, der sowohl im Innen- als auch im Au\u00dfenbereich verwendet wurde.<\/p>\n<\/div><\/div><div class=\"w-separator size_large\"><\/div><div class=\"wpb_text_column\"><div class=\"wpb_wrapper\"><h3 style=\"text-align: center;\">Modernes alpines Design<\/h3>\n<h2 style=\"text-align: center;\">Energieeffizienz durch innovative Fassadentechnologie<\/h2>\n<\/div><\/div><div class=\"w-separator size_small\"><\/div><div class=\"w-slider style_none fit_scaledown nav_thumbs count_8\" style=\"--thumbs-width:4rem;--thumbs-gap:4px;\"><div class=\"w-slider-h\" aria-hidden=\"true\"><div class=\"royalSlider\"><div class=\"rsContent\"><a class=\"rsImg\" data-rsw=\"1500\" data-rsh=\"977\" data-rsBigImg=\"https:\/\/alpenrose-ramsau.at\/wp-content\/uploads\/2025\/05\/alpenrose-ramsau-oekologische-architektur-dummy.jpg\" href=\"https:\/\/alpenrose-ramsau.at\/wp-content\/uploads\/2025\/05\/alpenrose-ramsau-oekologische-architektur-dummy.jpg\"><span data-alt=\"\"><\/span><\/a><img loading=\"lazy\" decoding=\"async\" width=\"150\" height=\"150\" src=\"https:\/\/alpenrose-ramsau.at\/wp-content\/uploads\/2025\/05\/alpenrose-ramsau-oekologische-architektur-dummy-150x150.jpg\" class=\"rsTmb\" alt=\"\" \/><\/div><div class=\"rsContent\"><a class=\"rsImg\" data-rsw=\"1000\" data-rsh=\"705\" data-rsBigImg=\"https:\/\/alpenrose-ramsau.at\/wp-content\/uploads\/2018\/12\/Architektur_5.jpg\" href=\"https:\/\/alpenrose-ramsau.at\/wp-content\/uploads\/2018\/12\/Architektur_5.jpg\"><span data-alt=\"Glasfaserbeton Design und Energie Sockel\"><\/span><\/a><img loading=\"lazy\" decoding=\"async\" width=\"150\" height=\"150\" src=\"https:\/\/alpenrose-ramsau.at\/wp-content\/uploads\/2018\/12\/Architektur_5-150x150.jpg\" class=\"rsTmb\" alt=\"Glasfaserbeton Design und Energie Sockel\" srcset=\"https:\/\/alpenrose-ramsau.at\/wp-content\/uploads\/2018\/12\/Architektur_5-150x150.jpg 150w, https:\/\/alpenrose-ramsau.at\/wp-content\/uploads\/2018\/12\/Architektur_5-61x60.jpg 61w\" sizes=\"auto, (max-width: 150px) 100vw, 150px\" \/><\/div><div class=\"rsContent\"><a class=\"rsImg\" data-rsw=\"1000\" data-rsh=\"705\" data-rsBigImg=\"https:\/\/alpenrose-ramsau.at\/wp-content\/uploads\/2018\/12\/Architektur_4.jpg\" href=\"https:\/\/alpenrose-ramsau.at\/wp-content\/uploads\/2018\/12\/Architektur_4.jpg\"><span data-alt=\"Frei schwebender Stiegenaufgang\"><\/span><\/a><img loading=\"lazy\" decoding=\"async\" width=\"150\" height=\"150\" src=\"https:\/\/alpenrose-ramsau.at\/wp-content\/uploads\/2018\/12\/Architektur_4-150x150.jpg\" class=\"rsTmb\" alt=\"Frei schwebender Stiegenaufgang\" srcset=\"https:\/\/alpenrose-ramsau.at\/wp-content\/uploads\/2018\/12\/Architektur_4-150x150.jpg 150w, https:\/\/alpenrose-ramsau.at\/wp-content\/uploads\/2018\/12\/Architektur_4-61x60.jpg 61w\" sizes=\"auto, (max-width: 150px) 100vw, 150px\" \/><\/div><div class=\"rsContent\"><a class=\"rsImg\" data-rsw=\"1000\" data-rsh=\"705\" data-rsBigImg=\"https:\/\/alpenrose-ramsau.at\/wp-content\/uploads\/2018\/12\/Architektur_3.jpg\" href=\"https:\/\/alpenrose-ramsau.at\/wp-content\/uploads\/2018\/12\/Architektur_3.jpg\"><span data-alt=\"Glasfaserbeton im gretl\"><\/span><\/a><img loading=\"lazy\" decoding=\"async\" width=\"150\" height=\"150\" src=\"https:\/\/alpenrose-ramsau.at\/wp-content\/uploads\/2018\/12\/Architektur_3-150x150.jpg\" class=\"rsTmb\" alt=\"Glasfaserbeton im gretl\" srcset=\"https:\/\/alpenrose-ramsau.at\/wp-content\/uploads\/2018\/12\/Architektur_3-150x150.jpg 150w, https:\/\/alpenrose-ramsau.at\/wp-content\/uploads\/2018\/12\/Architektur_3-61x60.jpg 61w\" sizes=\"auto, (max-width: 150px) 100vw, 150px\" \/><\/div><div class=\"rsContent\"><a class=\"rsImg\" data-rsw=\"1000\" data-rsh=\"1335\" data-rsBigImg=\"https:\/\/alpenrose-ramsau.at\/wp-content\/uploads\/2018\/12\/Architektur_1.jpg\" href=\"https:\/\/alpenrose-ramsau.at\/wp-content\/uploads\/2018\/12\/Architektur_1.jpg\"><span data-alt=\"Modernes alpines Design\"><\/span><\/a><img loading=\"lazy\" decoding=\"async\" width=\"150\" height=\"150\" src=\"https:\/\/alpenrose-ramsau.at\/wp-content\/uploads\/2018\/12\/Architektur_1-150x150.jpg\" class=\"rsTmb\" alt=\"Modernes alpines Design\" srcset=\"https:\/\/alpenrose-ramsau.at\/wp-content\/uploads\/2018\/12\/Architektur_1-150x150.jpg 150w, https:\/\/alpenrose-ramsau.at\/wp-content\/uploads\/2018\/12\/Architektur_1-61x60.jpg 61w\" sizes=\"auto, (max-width: 150px) 100vw, 150px\" \/><\/div><div class=\"rsContent\"><a class=\"rsImg\" data-rsw=\"1000\" data-rsh=\"749\" data-rsBigImg=\"https:\/\/alpenrose-ramsau.at\/wp-content\/uploads\/2018\/12\/Architektur_2.jpg\" href=\"https:\/\/alpenrose-ramsau.at\/wp-content\/uploads\/2018\/12\/Architektur_2.jpg\"><span data-alt=\"Modernes Design im Treppenhaus\"><\/span><\/a><img loading=\"lazy\" decoding=\"async\" width=\"150\" height=\"150\" src=\"https:\/\/alpenrose-ramsau.at\/wp-content\/uploads\/2018\/12\/Architektur_2-150x150.jpg\" class=\"rsTmb\" alt=\"Modernes Design im Treppenhaus\" srcset=\"https:\/\/alpenrose-ramsau.at\/wp-content\/uploads\/2018\/12\/Architektur_2-150x150.jpg 150w, https:\/\/alpenrose-ramsau.at\/wp-content\/uploads\/2018\/12\/Architektur_2-61x60.jpg 61w\" sizes=\"auto, (max-width: 150px) 100vw, 150px\" \/><\/div><div class=\"rsContent\"><a class=\"rsImg\" data-rsw=\"2000\" data-rsh=\"1498\" data-rsBigImg=\"https:\/\/alpenrose-ramsau.at\/wp-content\/uploads\/2018\/12\/Boutique_Chalet_Alpenrose_Kamin.jpg\" href=\"https:\/\/alpenrose-ramsau.at\/wp-content\/uploads\/2018\/12\/Boutique_Chalet_Alpenrose_Kamin.jpg\"><span data-alt=\"Den stylischen Kamin erleben\"><\/span><\/a><img loading=\"lazy\" decoding=\"async\" width=\"150\" height=\"150\" src=\"https:\/\/alpenrose-ramsau.at\/wp-content\/uploads\/2018\/12\/Boutique_Chalet_Alpenrose_Kamin-150x150.jpg\" class=\"rsTmb\" alt=\"Den stylischen Kamin erleben\" srcset=\"https:\/\/alpenrose-ramsau.at\/wp-content\/uploads\/2018\/12\/Boutique_Chalet_Alpenrose_Kamin-150x150.jpg 150w, https:\/\/alpenrose-ramsau.at\/wp-content\/uploads\/2018\/12\/Boutique_Chalet_Alpenrose_Kamin-61x60.jpg 61w\" sizes=\"auto, (max-width: 150px) 100vw, 150px\" \/><\/div><div class=\"rsContent\"><a class=\"rsImg\" data-rsw=\"1903\" data-rsh=\"1448\" data-rsBigImg=\"https:\/\/alpenrose-ramsau.at\/wp-content\/uploads\/2018\/12\/Boutique_Chalet_Alpenrose_Kamin_2.jpg\" href=\"https:\/\/alpenrose-ramsau.at\/wp-content\/uploads\/2018\/12\/Boutique_Chalet_Alpenrose_Kamin_2.jpg\"><span data-alt=\"Gem\u00fctliche Atmosph\u00e4re mit Feuer\"><\/span><\/a><img loading=\"lazy\" decoding=\"async\" width=\"150\" height=\"150\" src=\"https:\/\/alpenrose-ramsau.at\/wp-content\/uploads\/2018\/12\/Boutique_Chalet_Alpenrose_Kamin_2-150x150.jpg\" class=\"rsTmb\" alt=\"Gem\u00fctliche Atmosph\u00e4re mit Feuer\" srcset=\"https:\/\/alpenrose-ramsau.at\/wp-content\/uploads\/2018\/12\/Boutique_Chalet_Alpenrose_Kamin_2-150x150.jpg 150w, https:\/\/alpenrose-ramsau.at\/wp-content\/uploads\/2018\/12\/Boutique_Chalet_Alpenrose_Kamin_2-61x60.jpg 61w\" sizes=\"auto, (max-width: 150px) 100vw, 150px\" \/><\/div><\/div><img decoding=\"async\" src=\"https:\/\/alpenrose-ramsau.at\/wp-content\/uploads\/2025\/05\/alpenrose-ramsau-oekologische-architektur-dummy.jpg\" width=\"1500\" height=\"977\" alt loading=\"lazy\"><\/div><div class=\"w-slider-json\" onclick='return {&quot;autoScaleSlider&quot;:true,&quot;addActiveClass&quot;:true,&quot;loop&quot;:true,&quot;fadeInLoadedSlide&quot;:false,&quot;slidesSpacing&quot;:0,&quot;imageScalePadding&quot;:0,&quot;numImagesToPreload&quot;:2,&quot;arrowsNav&quot;:true,&quot;arrowsNavAutoHide&quot;:false,&quot;transitionType&quot;:&quot;move&quot;,&quot;transitionSpeed&quot;:250,&quot;block&quot;:{&quot;moveEffect&quot;:&quot;none&quot;,&quot;speed&quot;:300},&quot;thumbs&quot;:{&quot;fitInViewport&quot;:false,&quot;firstMargin&quot;:false,&quot;spacing&quot;:4},&quot;controlNavigation&quot;:&quot;thumbnails&quot;,&quot;fullscreen&quot;:{&quot;enabled&quot;:true},&quot;autoScaleSliderWidth&quot;:1500,&quot;autoScaleSliderHeight&quot;:977}'><\/div><\/div><div class=\"w-separator size_medium\"><\/div><div class=\"wpb_text_column\"><div class=\"wpb_wrapper\"><p style=\"text-align: center;\">Ein Highlight der Sanierung ist die <strong>innovative Energie-Fassade<\/strong>, die neue Ma\u00dfst\u00e4be im Bereich <strong>Energiesparen<\/strong> setzt. Die Fassade wurde einer kompletten thermischen Sanierung unterzogen: Das <strong>Bionics System von Rieder<\/strong> (Patent angemeldet) nutzt die Fassadenfl\u00e4che zur <strong>thermischen Aktivierung<\/strong>. Kapillarrohre wurden direkt in die Betonfertigteile im Lichthof und den Fassadenplatten eingebracht. Der architektonische Ansatz integriert die Technik nahtlos in das Design des Hauses, wodurch sie optisch verschwindet und dennoch funktional bleibt. Anstelle von lediglicher Ansammlung von Technik erfolgte bei der Sanierung des Chalet Alpenrose eine <strong>ganzheitliche Architektur-Integration<\/strong>.<\/p>\n<p style=\"text-align: center;\">Bionics kommt bei Neubauten, Aufr\u00fcstungen oder \u00a0Sanierungen zum Einsatz. Als Anwendungen bieten sich Fassa\u00adden-Absorber, Hybrid-Paneele, Photovoltaik Bionics, Wand-Ab\u00adsorber, Container Module, Energiez\u00e4une und Thermo Loungen an.<\/p>\n<\/div><\/div><\/div><\/div><\/div><\/div><\/section><section class=\"l-section wpb_row height_medium\" id=\"drei-sommerbilder\"><div class=\"l-section-h i-cf\"><div class=\"g-cols vc_row via_grid cols_3 laptops-cols_inherit tablets-cols_inherit mobiles-cols_1 valign_top type_default stacking_default\"><div class=\"wpb_column vc_column_container\"><div class=\"vc_column-inner\"><div class=\"w-image align_none\"><div class=\"w-image-h\"><img decoding=\"async\" width=\"1024\" height=\"686\" src=\"https:\/\/alpenrose-ramsau.at\/wp-content\/uploads\/2023\/04\/Duisitzkarsee-im-Sommer-003-\u00a9-Gerhard-Pilz-2016-1024x686.jpg\" class=\"attachment-large size-large\" alt=\"\" loading=\"lazy\" srcset=\"https:\/\/alpenrose-ramsau.at\/wp-content\/uploads\/2023\/04\/Duisitzkarsee-im-Sommer-003-\u00a9-Gerhard-Pilz-2016-1024x686.jpg 1024w, https:\/\/alpenrose-ramsau.at\/wp-content\/uploads\/2023\/04\/Duisitzkarsee-im-Sommer-003-\u00a9-Gerhard-Pilz-2016-300x201.jpg 300w, https:\/\/alpenrose-ramsau.at\/wp-content\/uploads\/2023\/04\/Duisitzkarsee-im-Sommer-003-\u00a9-Gerhard-Pilz-2016-768x514.jpg 768w, https:\/\/alpenrose-ramsau.at\/wp-content\/uploads\/2023\/04\/Duisitzkarsee-im-Sommer-003-\u00a9-Gerhard-Pilz-2016.jpg 2000w\" sizes=\"auto, (max-width: 1024px) 100vw, 1024px\" \/><\/div><\/div><\/div><\/div><div class=\"wpb_column vc_column_container\"><div class=\"vc_column-inner\"><div class=\"w-image align_none\"><div class=\"w-image-h\"><img decoding=\"async\" width=\"1024\" height=\"683\" src=\"https:\/\/alpenrose-ramsau.at\/wp-content\/uploads\/2023\/04\/Wandern_im_HerbstcPhoto-Austria-C.H\u00f6flehner-1-1024x683.jpg\" class=\"attachment-large size-large\" alt=\"\" loading=\"lazy\" srcset=\"https:\/\/alpenrose-ramsau.at\/wp-content\/uploads\/2023\/04\/Wandern_im_HerbstcPhoto-Austria-C.H\u00f6flehner-1-1024x683.jpg 1024w, https:\/\/alpenrose-ramsau.at\/wp-content\/uploads\/2023\/04\/Wandern_im_HerbstcPhoto-Austria-C.H\u00f6flehner-1-300x200.jpg 300w, https:\/\/alpenrose-ramsau.at\/wp-content\/uploads\/2023\/04\/Wandern_im_HerbstcPhoto-Austria-C.H\u00f6flehner-1-768x512.jpg 768w, https:\/\/alpenrose-ramsau.at\/wp-content\/uploads\/2023\/04\/Wandern_im_HerbstcPhoto-Austria-C.H\u00f6flehner-1.jpg 2000w\" sizes=\"auto, (max-width: 1024px) 100vw, 1024px\" \/><\/div><\/div><\/div><\/div><div class=\"wpb_column vc_column_container\"><div class=\"vc_column-inner\"><div class=\"w-image align_none\"><div class=\"w-image-h\"><img decoding=\"async\" width=\"1024\" height=\"684\" src=\"https:\/\/alpenrose-ramsau.at\/wp-content\/uploads\/2023\/04\/Wanderbilder01cPhoto-Austria-C.H\u00f6flehner-1024x684.jpg\" class=\"attachment-large size-large\" alt=\"\" loading=\"lazy\" srcset=\"https:\/\/alpenrose-ramsau.at\/wp-content\/uploads\/2023\/04\/Wanderbilder01cPhoto-Austria-C.H\u00f6flehner-1024x684.jpg 1024w, https:\/\/alpenrose-ramsau.at\/wp-content\/uploads\/2023\/04\/Wanderbilder01cPhoto-Austria-C.H\u00f6flehner-300x200.jpg 300w, https:\/\/alpenrose-ramsau.at\/wp-content\/uploads\/2023\/04\/Wanderbilder01cPhoto-Austria-C.H\u00f6flehner-768x513.jpg 768w, https:\/\/alpenrose-ramsau.at\/wp-content\/uploads\/2023\/04\/Wanderbilder01cPhoto-Austria-C.H\u00f6flehner.jpg 2000w\" sizes=\"auto, (max-width: 1024px) 100vw, 1024px\" \/><\/div><\/div><\/div><\/div><\/div><\/div><\/section>\n","protected":false},"excerpt":{"rendered":"\u00d6kologisch gebaut mit Stil Das historische Chalet Alpenrose wurde im Jahr 2013 umfassend renoviert \u2013 mit einem klaren Fokus auf Nachhaltigkeit und modernem alpinen Design. Dabei kamen ausschlie\u00dflich hochwertige, regionale Materialien zum Einsatz, die sowohl \u00f6kologisch als auch \u00e4sthetisch \u00fcberzeugen. Ein zentrales Element der Renovierung war der Einsatz von fibreC Glasfaserbeton von Rieder, der sowohl...","protected":false},"author":2,"featured_media":0,"parent":0,"menu_order":4,"comment_status":"closed","ping_status":"closed","template":"","meta":{"footnotes":""},"class_list":["post-1757","page","type-page","status-publish","hentry"],"_links":{"self":[{"href":"https:\/\/alpenrose-ramsau.at\/de\/wp-json\/wp\/v2\/pages\/1757","targetHints":{"allow":["GET"]}}],"collection":[{"href":"https:\/\/alpenrose-ramsau.at\/de\/wp-json\/wp\/v2\/pages"}],"about":[{"href":"https:\/\/alpenrose-ramsau.at\/de\/wp-json\/wp\/v2\/types\/page"}],"author":[{"embeddable":true,"href":"https:\/\/alpenrose-ramsau.at\/de\/wp-json\/wp\/v2\/users\/2"}],"replies":[{"embeddable":true,"href":"https:\/\/alpenrose-ramsau.at\/de\/wp-json\/wp\/v2\/comments?post=1757"}],"version-history":[{"count":70,"href":"https:\/\/alpenrose-ramsau.at\/de\/wp-json\/wp\/v2\/pages\/1757\/revisions"}],"predecessor-version":[{"id":4257,"href":"https:\/\/alpenrose-ramsau.at\/de\/wp-json\/wp\/v2\/pages\/1757\/revisions\/4257"}],"wp:attachment":[{"href":"https:\/\/alpenrose-ramsau.at\/de\/wp-json\/wp\/v2\/media?parent=1757"}],"curies":[{"name":"wp","href":"https:\/\/api.w.org\/{rel}","templated":true}]}}